{"id":7147,"date":"2021-06-10T08:00:57","date_gmt":"2021-06-10T08:00:57","guid":{"rendered":"https:\/\/mokorroko.com\/entorno\/"},"modified":"2025-07-29T12:38:55","modified_gmt":"2025-07-29T10:38:55","slug":"lenvironnement","status":"publish","type":"page","link":"https:\/\/mokorroko.com\/fr\/lenvironnement\/","title":{"rendered":"Ce qu&#8217;il faut faire. Activit\u00e9s, routes, visites, etc."},"content":{"rendered":"\n<h2 class=\"gb-headline gb-headline-c486c5f2 gb-headline-text\">Localisation <\/h2>\n\n\n\n<p>La vall\u00e9e d&#8217;Imoz o\u00f9 nous nous trouvons est un endroit peu exploit\u00e9 &#8220;touristiquement&#8221;, c&#8217;est un endroit proche de Pampelune et qui ne figure pas dans les guides. La vall\u00e9e est compos\u00e9e de sept villages : Eraso, Goldaratz, Latasa, Muskitz, Oskotz, Urritza, Zarrantz et Etxaleku, qui est la capitale de la vall\u00e9e et o\u00f9 se trouve la mairie. Si vous souhaitez en savoir plus sur la vall\u00e9e, voici son <a href=\"http:\/\/www.imotz.eus\/es\"><strong>site web<\/strong><\/a>.<\/p>\n\n\n\n<p>Etxaleku se trouve \u00e0 30 minutes en voiture de Pampelune et \u00e0 45 minutes de Saint-S\u00e9bastien. Nous sommes au sud-ouest de la vall\u00e9e d&#8217;Ulzama, Basaburua est situ\u00e9e entre les deux vall\u00e9es et \u00e0 Jauntsaras, il y a deux exemples impressionnants de ch\u00eanes monumentaux qui valent la peine d&#8217;\u00eatre visit\u00e9s, ils sont \u00e0 seulement 5 minutes d&#8217;Etxaleku.<\/p>\n\n\n<div class=\"wp-block-image is-resized\">\n<figure class=\"aligncenter size-large\"><img loading=\"lazy\" decoding=\"async\" width=\"1024\" height=\"682\" src=\"https:\/\/mokorroko.com\/web\/wp-content\/uploads\/2021\/11\/roble_jauntsaras-opt-1024x682.jpg\" alt=\"\" class=\"wp-image-4719\" srcset=\"https:\/\/mokorroko.com\/web\/wp-content\/uploads\/2021\/11\/roble_jauntsaras-opt-1024x682.jpg 1024w, https:\/\/mokorroko.com\/web\/wp-content\/uploads\/2021\/11\/roble_jauntsaras-opt-300x200.jpg 300w, https:\/\/mokorroko.com\/web\/wp-content\/uploads\/2021\/11\/roble_jauntsaras-opt-768x511.jpg 768w, https:\/\/mokorroko.com\/web\/wp-content\/uploads\/2021\/11\/roble_jauntsaras-opt-1536x1023.jpg 1536w, https:\/\/mokorroko.com\/web\/wp-content\/uploads\/2021\/11\/roble_jauntsaras-opt.jpg 1601w\" sizes=\"auto, (max-width: 1024px) 100vw, 1024px\" \/><figcaption class=\"wp-element-caption\">L&#8217;un des ch\u00eanes monumentaux de Jauntsaras. Avec l&#8217;aimable autorisation d&#8217;<a href=\"https:\/\/www.alfonsoferrer.org\/\">Alfonso Ferrer<\/a><\/figcaption><\/figure>\n<\/div>\n\n\n<h2 class=\"gb-headline gb-headline-7ddd57c8 gb-headline-text\">Itin\u00e9raires<\/h2>\n\n\n\n<div class=\"wp-block-media-text alignwide is-stacked-on-mobile\" style=\"grid-template-columns:30% auto\"><figure class=\"wp-block-media-text__media\"><img loading=\"lazy\" decoding=\"async\" width=\"600\" height=\"401\" src=\"https:\/\/mokorroko.com\/web\/wp-content\/uploads\/2022\/01\/nordic-walking.jpg\" alt=\"\" class=\"wp-image-5075 size-full\" srcset=\"https:\/\/mokorroko.com\/web\/wp-content\/uploads\/2022\/01\/nordic-walking.jpg 600w, https:\/\/mokorroko.com\/web\/wp-content\/uploads\/2022\/01\/nordic-walking-300x201.jpg 300w\" sizes=\"auto, (max-width: 600px) 100vw, 600px\" \/><\/figure><div class=\"wp-block-media-text__content\">\n<p>Imoz a r\u00e9cemment rejoint le r\u00e9seau des centres de marche nordique, avec plusieurs itin\u00e9raires balis\u00e9s dans la r\u00e9gion pour la marche nordique. Si vous souhaitez t\u00e9l\u00e9charger les cartes et en savoir plus sur ces itin\u00e9raires, il vous suffit de visiter le site Web du <a href=\"https:\/\/www.centrosnordicwalking.com\/cnw\/cnwimotz\"><strong>r\u00e9seau des centres de marche nordique<\/strong><\/a>.<\/p>\n<\/div><\/div>\n\n\n\n<div class=\"wp-block-columns is-layout-flex wp-container-core-columns-is-layout-9d6595d7 wp-block-columns-is-layout-flex\">\n<div class=\"wp-block-column is-vertically-aligned-top is-layout-flow wp-block-column-is-layout-flow\" style=\"flex-basis:100%\">\n<p class=\"has-text-align-left\"><\/p>\n<\/div>\n<\/div>\n\n\n\n<p>Si vous souhaitez une promenade courte et facile, vous pouvez suivre le sentier des Ch\u00eanes Monumentaux, une promenade de deux kilom\u00e8tres sans d\u00e9nivel\u00e9 qui relie les deux sp\u00e9cimens.<\/p>\n\n\n\n<p><strong>Voie verte de Plazaola<\/strong>. Cette voie suit le m\u00eame itin\u00e9raire que l&#8217;ancien train qui circulait entre Pampelune et Saint-S\u00e9bastien, un train minier transform\u00e9 en train de voyageurs en 1914. Le point central de cette voie et de toutes les activit\u00e9s qui l&#8217;entourent se trouve \u00e0 Lekunberri, et c&#8217;est le consortium Plazaola qui en assure la gestion active. La voie verte traverse Latasa, \u00e0 8 kilom\u00e8tres d&#8217;Etxaleku, \u00e0 c\u00f4t\u00e9 du terrain de pelote couvert se trouve le <a href=\"http:\/\/biltegia.eus\/\"><strong>Biltegi<\/strong><\/a>, une ancienne gare r\u00e9cemment r\u00e9nov\u00e9e et transform\u00e9e en restaurant avec un petit magasin de produits biologiques o\u00f9 l&#8217;on peut \u00e9galement <strong>louer un v\u00e9lo<\/strong> ou faire r\u00e9parer le sien, puisqu&#8217;ils disposent d&#8217;un atelier.<\/p>\n\n\n\n<p>Si vous souhaitez conna\u00eetre tous les itin\u00e9raires et les activit\u00e9s propos\u00e9s, nous vous invitons \u00e0 visiter leur site web <a href=\"https:\/\/www.plazaola.org\/\"><strong>Plazaola.org.<\/strong><\/a><\/p>\n\n\n\n<h4 class=\"gb-headline gb-headline-eeb0f04f gb-headline-text\"><strong>\u00c0 cheval<\/strong><\/h4>\n\n\n\n<div class=\"wp-block-media-text alignwide has-media-on-the-right is-stacked-on-mobile is-vertically-aligned-top\" style=\"grid-template-columns:auto 35%\"><div class=\"wp-block-media-text__content\">\n<p>Il existe des itin\u00e9raires pour les randonn\u00e9es \u00e0 cheval. Il s&#8217;agit aussi bien d&#8217;itin\u00e9raires circulaires, avec Etxaleku comme point de d\u00e9part et d&#8217;arriv\u00e9e, que d&#8217;itin\u00e9raires qui rejoignent Lekunberri ou la vall\u00e9e de l&#8217;Ulzama. Ils peuvent durer un ou plusieurs jours. Si vous souhaitez nous rendre visite avec votre cheval, nous disposons de boxes et de paddocks pour votre animal.<\/p>\n\n\n\n<p>Si vous ne connaissez pas cette activit\u00e9 mais que vous voulez l&#8217;essayer ou si vous avez des doutes, contactez-nous et nous vous aiderons.<\/p>\n\n\n\n<p><\/p>\n<\/div><figure class=\"wp-block-media-text__media\"><img loading=\"lazy\" decoding=\"async\" width=\"600\" height=\"401\" src=\"https:\/\/mokorroko.com\/web\/wp-content\/uploads\/2022\/01\/ruta_caballos.jpg\" alt=\"\" class=\"wp-image-5080 size-full\" srcset=\"https:\/\/mokorroko.com\/web\/wp-content\/uploads\/2022\/01\/ruta_caballos.jpg 600w, https:\/\/mokorroko.com\/web\/wp-content\/uploads\/2022\/01\/ruta_caballos-300x201.jpg 300w\" sizes=\"auto, (max-width: 600px) 100vw, 600px\" \/><\/figure><\/div>\n","protected":false},"excerpt":{"rendered":"<p>Localisation La vall\u00e9e d&#8217;Imoz o\u00f9 nous nous trouvons est un endroit peu exploit\u00e9 &#8220;touristiquement&#8221;, c&#8217;est un endroit proche de Pampelune et qui ne figure pas dans les guides. La vall\u00e9e est compos\u00e9e de sept villages : Eraso, Goldaratz, Latasa, Muskitz, Oskotz, Urritza, Zarrantz et Etxaleku, qui est la capitale de la vall\u00e9e et o\u00f9 se &#8230; <a title=\"Ce qu&#8217;il faut faire. Activit\u00e9s, routes, visites, etc.\" class=\"read-more\" href=\"https:\/\/mokorroko.com\/fr\/lenvironnement\/\" aria-label=\"En savoir plus sur Ce qu&#8217;il faut faire. Activit\u00e9s, routes, visites, etc.\">Lire plus<\/a><\/p>\n","protected":false},"author":1,"featured_media":0,"parent":0,"menu_order":0,"comment_status":"closed","ping_status":"open","template":"","meta":{"inline_featured_image":false,"footnotes":""},"class_list":["post-7147","page","type-page","status-publish"],"yoast_head":"<!-- This site is optimized with the Yoast SEO plugin v27.4 - https:\/\/yoast.com\/product\/yoast-seo-wordpress\/ -->\n<title>Ce qu&#039;il faut faire. Activit\u00e9s, routes, visites, etc. - Mokorroko Borda<\/title>\n<meta name=\"description\" content=\"Activit\u00e9s et itin\u00e9raires autour de Mokorroko Borda. Situ\u00e9 dans la vall\u00e9e d&#039;Imoz. Voie verte Plazaola, parcours de marche nordique, etc.\" \/>\n<meta name=\"robots\" content=\"index, follow, max-snippet:-1, max-image-preview:large, max-video-preview:-1\" \/>\n<link rel=\"canonical\" href=\"https:\/\/mokorroko.com\/fr\/lenvironnement\/\" \/>\n<meta property=\"og:locale\" content=\"fr_FR\" \/>\n<meta property=\"og:type\" content=\"article\" \/>\n<meta property=\"og:title\" content=\"Ce qu&#039;il faut faire. Activit\u00e9s, routes, visites, etc. - Mokorroko Borda\" \/>\n<meta property=\"og:description\" content=\"Activit\u00e9s et itin\u00e9raires autour de Mokorroko Borda. Situ\u00e9 dans la vall\u00e9e d&#039;Imoz. Voie verte Plazaola, parcours de marche nordique, etc.\" \/>\n<meta property=\"og:url\" content=\"https:\/\/mokorroko.com\/fr\/lenvironnement\/\" \/>\n<meta property=\"og:site_name\" content=\"Mokorroko Borda\" \/>\n<meta property=\"article:publisher\" content=\"https:\/\/www.instagram.com\/mokorrokoborda\" \/>\n<meta property=\"article:modified_time\" content=\"2025-07-29T10:38:55+00:00\" \/>\n<meta property=\"og:image\" content=\"https:\/\/mokorroko.com\/web\/wp-content\/uploads\/2021\/11\/roble_jauntsaras-opt.jpg\" \/>\n\t<meta property=\"og:image:width\" content=\"1601\" \/>\n\t<meta property=\"og:image:height\" content=\"1066\" \/>\n\t<meta property=\"og:image:type\" content=\"image\/jpeg\" \/>\n<meta name=\"twitter:card\" content=\"summary_large_image\" \/>\n<meta name=\"twitter:label1\" content=\"Dur\u00e9e de lecture estim\u00e9e\" \/>\n\t<meta name=\"twitter:data1\" content=\"3 minutes\" \/>\n<script type=\"application\/ld+json\" class=\"yoast-schema-graph\">{\"@context\":\"https:\\\/\\\/schema.org\",\"@graph\":[{\"@type\":\"WebPage\",\"@id\":\"https:\\\/\\\/mokorroko.com\\\/fr\\\/lenvironnement\\\/\",\"url\":\"https:\\\/\\\/mokorroko.com\\\/fr\\\/lenvironnement\\\/\",\"name\":\"Ce qu'il faut faire. Activit\u00e9s, routes, visites, etc. - Mokorroko Borda\",\"isPartOf\":{\"@id\":\"https:\\\/\\\/mokorroko.com\\\/#website\"},\"primaryImageOfPage\":{\"@id\":\"https:\\\/\\\/mokorroko.com\\\/fr\\\/lenvironnement\\\/#primaryimage\"},\"image\":{\"@id\":\"https:\\\/\\\/mokorroko.com\\\/fr\\\/lenvironnement\\\/#primaryimage\"},\"thumbnailUrl\":\"https:\\\/\\\/mokorroko.com\\\/web\\\/wp-content\\\/uploads\\\/2021\\\/11\\\/roble_jauntsaras-opt-1024x682.jpg\",\"datePublished\":\"2021-06-10T08:00:57+00:00\",\"dateModified\":\"2025-07-29T10:38:55+00:00\",\"description\":\"Activit\u00e9s et itin\u00e9raires autour de Mokorroko Borda. Situ\u00e9 dans la vall\u00e9e d'Imoz. Voie verte Plazaola, parcours de marche nordique, etc.\",\"breadcrumb\":{\"@id\":\"https:\\\/\\\/mokorroko.com\\\/fr\\\/lenvironnement\\\/#breadcrumb\"},\"inLanguage\":\"fr-FR\",\"potentialAction\":[{\"@type\":\"ReadAction\",\"target\":[\"https:\\\/\\\/mokorroko.com\\\/fr\\\/lenvironnement\\\/\"]}]},{\"@type\":\"ImageObject\",\"inLanguage\":\"fr-FR\",\"@id\":\"https:\\\/\\\/mokorroko.com\\\/fr\\\/lenvironnement\\\/#primaryimage\",\"url\":\"https:\\\/\\\/mokorroko.com\\\/web\\\/wp-content\\\/uploads\\\/2021\\\/11\\\/roble_jauntsaras-opt-1024x682.jpg\",\"contentUrl\":\"https:\\\/\\\/mokorroko.com\\\/web\\\/wp-content\\\/uploads\\\/2021\\\/11\\\/roble_jauntsaras-opt-1024x682.jpg\"},{\"@type\":\"BreadcrumbList\",\"@id\":\"https:\\\/\\\/mokorroko.com\\\/fr\\\/lenvironnement\\\/#breadcrumb\",\"itemListElement\":[{\"@type\":\"ListItem\",\"position\":1,\"name\":\"Portada\",\"item\":\"https:\\\/\\\/mokorroko.com\\\/fr\\\/\"},{\"@type\":\"ListItem\",\"position\":2,\"name\":\"Ce qu&#8217;il faut faire. Activit\u00e9s, routes, visites, etc.\"}]},{\"@type\":\"WebSite\",\"@id\":\"https:\\\/\\\/mokorroko.com\\\/#website\",\"url\":\"https:\\\/\\\/mokorroko.com\\\/\",\"name\":\"Mokorroko Borda\",\"description\":\"Alojamiento Rural y Posada Ecuestre\",\"publisher\":{\"@id\":\"https:\\\/\\\/mokorroko.com\\\/#organization\"},\"potentialAction\":[{\"@type\":\"SearchAction\",\"target\":{\"@type\":\"EntryPoint\",\"urlTemplate\":\"https:\\\/\\\/mokorroko.com\\\/?s={search_term_string}\"},\"query-input\":{\"@type\":\"PropertyValueSpecification\",\"valueRequired\":true,\"valueName\":\"search_term_string\"}}],\"inLanguage\":\"fr-FR\"},{\"@type\":\"Organization\",\"@id\":\"https:\\\/\\\/mokorroko.com\\\/#organization\",\"name\":\"Mokorroko Borda\",\"url\":\"https:\\\/\\\/mokorroko.com\\\/\",\"logo\":{\"@type\":\"ImageObject\",\"inLanguage\":\"fr-FR\",\"@id\":\"https:\\\/\\\/mokorroko.com\\\/#\\\/schema\\\/logo\\\/image\\\/\",\"url\":\"https:\\\/\\\/mokorroko.com\\\/web\\\/wp-content\\\/uploads\\\/2020\\\/12\\\/logo7.png\",\"contentUrl\":\"https:\\\/\\\/mokorroko.com\\\/web\\\/wp-content\\\/uploads\\\/2020\\\/12\\\/logo7.png\",\"width\":304,\"height\":87,\"caption\":\"Mokorroko Borda\"},\"image\":{\"@id\":\"https:\\\/\\\/mokorroko.com\\\/#\\\/schema\\\/logo\\\/image\\\/\"},\"sameAs\":[\"https:\\\/\\\/www.instagram.com\\\/mokorrokoborda\"]}]}<\/script>\n<!-- \/ Yoast SEO plugin. -->","yoast_head_json":{"title":"Ce qu'il faut faire. Activit\u00e9s, routes, visites, etc. - Mokorroko Borda","description":"Activit\u00e9s et itin\u00e9raires autour de Mokorroko Borda. Situ\u00e9 dans la vall\u00e9e d'Imoz. Voie verte Plazaola, parcours de marche nordique, etc.","robots":{"index":"index","follow":"follow","max-snippet":"max-snippet:-1","max-image-preview":"max-image-preview:large","max-video-preview":"max-video-preview:-1"},"canonical":"https:\/\/mokorroko.com\/fr\/lenvironnement\/","og_locale":"fr_FR","og_type":"article","og_title":"Ce qu'il faut faire. Activit\u00e9s, routes, visites, etc. - Mokorroko Borda","og_description":"Activit\u00e9s et itin\u00e9raires autour de Mokorroko Borda. Situ\u00e9 dans la vall\u00e9e d'Imoz. Voie verte Plazaola, parcours de marche nordique, etc.","og_url":"https:\/\/mokorroko.com\/fr\/lenvironnement\/","og_site_name":"Mokorroko Borda","article_publisher":"https:\/\/www.instagram.com\/mokorrokoborda","article_modified_time":"2025-07-29T10:38:55+00:00","og_image":[{"width":1601,"height":1066,"url":"https:\/\/mokorroko.com\/web\/wp-content\/uploads\/2021\/11\/roble_jauntsaras-opt.jpg","type":"image\/jpeg"}],"twitter_card":"summary_large_image","twitter_misc":{"Dur\u00e9e de lecture estim\u00e9e":"3 minutes"},"schema":{"@context":"https:\/\/schema.org","@graph":[{"@type":"WebPage","@id":"https:\/\/mokorroko.com\/fr\/lenvironnement\/","url":"https:\/\/mokorroko.com\/fr\/lenvironnement\/","name":"Ce qu'il faut faire. Activit\u00e9s, routes, visites, etc. - Mokorroko Borda","isPartOf":{"@id":"https:\/\/mokorroko.com\/#website"},"primaryImageOfPage":{"@id":"https:\/\/mokorroko.com\/fr\/lenvironnement\/#primaryimage"},"image":{"@id":"https:\/\/mokorroko.com\/fr\/lenvironnement\/#primaryimage"},"thumbnailUrl":"https:\/\/mokorroko.com\/web\/wp-content\/uploads\/2021\/11\/roble_jauntsaras-opt-1024x682.jpg","datePublished":"2021-06-10T08:00:57+00:00","dateModified":"2025-07-29T10:38:55+00:00","description":"Activit\u00e9s et itin\u00e9raires autour de Mokorroko Borda. Situ\u00e9 dans la vall\u00e9e d'Imoz. Voie verte Plazaola, parcours de marche nordique, etc.","breadcrumb":{"@id":"https:\/\/mokorroko.com\/fr\/lenvironnement\/#breadcrumb"},"inLanguage":"fr-FR","potentialAction":[{"@type":"ReadAction","target":["https:\/\/mokorroko.com\/fr\/lenvironnement\/"]}]},{"@type":"ImageObject","inLanguage":"fr-FR","@id":"https:\/\/mokorroko.com\/fr\/lenvironnement\/#primaryimage","url":"https:\/\/mokorroko.com\/web\/wp-content\/uploads\/2021\/11\/roble_jauntsaras-opt-1024x682.jpg","contentUrl":"https:\/\/mokorroko.com\/web\/wp-content\/uploads\/2021\/11\/roble_jauntsaras-opt-1024x682.jpg"},{"@type":"BreadcrumbList","@id":"https:\/\/mokorroko.com\/fr\/lenvironnement\/#breadcrumb","itemListElement":[{"@type":"ListItem","position":1,"name":"Portada","item":"https:\/\/mokorroko.com\/fr\/"},{"@type":"ListItem","position":2,"name":"Ce qu&#8217;il faut faire. Activit\u00e9s, routes, visites, etc."}]},{"@type":"WebSite","@id":"https:\/\/mokorroko.com\/#website","url":"https:\/\/mokorroko.com\/","name":"Mokorroko Borda","description":"Alojamiento Rural y Posada Ecuestre","publisher":{"@id":"https:\/\/mokorroko.com\/#organization"},"potentialAction":[{"@type":"SearchAction","target":{"@type":"EntryPoint","urlTemplate":"https:\/\/mokorroko.com\/?s={search_term_string}"},"query-input":{"@type":"PropertyValueSpecification","valueRequired":true,"valueName":"search_term_string"}}],"inLanguage":"fr-FR"},{"@type":"Organization","@id":"https:\/\/mokorroko.com\/#organization","name":"Mokorroko Borda","url":"https:\/\/mokorroko.com\/","logo":{"@type":"ImageObject","inLanguage":"fr-FR","@id":"https:\/\/mokorroko.com\/#\/schema\/logo\/image\/","url":"https:\/\/mokorroko.com\/web\/wp-content\/uploads\/2020\/12\/logo7.png","contentUrl":"https:\/\/mokorroko.com\/web\/wp-content\/uploads\/2020\/12\/logo7.png","width":304,"height":87,"caption":"Mokorroko Borda"},"image":{"@id":"https:\/\/mokorroko.com\/#\/schema\/logo\/image\/"},"sameAs":["https:\/\/www.instagram.com\/mokorrokoborda"]}]}},"_links":{"self":[{"href":"https:\/\/mokorroko.com\/fr\/wp-json\/wp\/v2\/pages\/7147","targetHints":{"allow":["GET"]}}],"collection":[{"href":"https:\/\/mokorroko.com\/fr\/wp-json\/wp\/v2\/pages"}],"about":[{"href":"https:\/\/mokorroko.com\/fr\/wp-json\/wp\/v2\/types\/page"}],"author":[{"embeddable":true,"href":"https:\/\/mokorroko.com\/fr\/wp-json\/wp\/v2\/users\/1"}],"replies":[{"embeddable":true,"href":"https:\/\/mokorroko.com\/fr\/wp-json\/wp\/v2\/comments?post=7147"}],"version-history":[{"count":1,"href":"https:\/\/mokorroko.com\/fr\/wp-json\/wp\/v2\/pages\/7147\/revisions"}],"predecessor-version":[{"id":7151,"href":"https:\/\/mokorroko.com\/fr\/wp-json\/wp\/v2\/pages\/7147\/revisions\/7151"}],"wp:attachment":[{"href":"https:\/\/mokorroko.com\/fr\/wp-json\/wp\/v2\/media?parent=7147"}],"curies":[{"name":"wp","href":"https:\/\/api.w.org\/{rel}","templated":true}]}}